{"id":3736,"date":"2022-04-21T09:57:24","date_gmt":"2022-04-21T09:57:24","guid":{"rendered":"https:\/\/klarline.ro\/shop\/rochie-din-in-cu-bretele\/"},"modified":"2022-07-04T20:52:36","modified_gmt":"2022-07-04T20:52:36","slug":"rochie-din-in-cu-bretele","status":"publish","type":"product","link":"https:\/\/klarline.ro\/ro\/shop\/rochie-din-in-cu-bretele\/","title":{"rendered":"Rochie din in cu bretele"},"content":{"rendered":"","protected":false},"excerpt":{"rendered":"<p><strong>Descriere:<\/strong><br \/>\nO rochie din in cu o croial\u0103 simpl\u0103 care \u00eenconjoar\u0103 lejer silueta. Cu bretele \u00eenguste \u0219i cu buzunare laterale, poate fi piesa noastr\u0103 vestimentar\u0103 preferat\u0103.<\/p>\n<p><strong>Detalii:<\/strong><br \/>\n\u2022 100% in premiu<br \/>\n\u2022 decolteu drept<br \/>\n\u2022 buzunare laterale \u00een cus\u0103tur\u0103<br \/>\n\u2022 \u0219li\u021b la spate<br \/>\n\u2022 lungime spate cca. 97 cm<br \/>\n\u2022 modelul din imagine are 173 cm \u00een\u0103ltime si poart\u0103 m\u0103sura M<\/p>\n<p>\u00cen vederea unui consum responsabil, lucr\u0103m cu un stoc minim de marf\u0103, astfel de cele mai multe ori realiz\u0103m produsul pe baza comenzii dvs., ceea ce presupune un timp de procesare mai lung dec\u00e2t de obicei. Procesarea \u0219i expedierea comenzii dureaz\u0103 7-14 zile lucr\u0103toare, \u00een func\u021bie de produsul ales. Dac\u0103 ave\u021bi nevoie de articolul selectat mai devreme, v\u0103 rug\u0103m s\u0103 ne contacta\u021bi \u0219i vom \u00eencerca s\u0103 g\u0103sim o solu\u021bie pentru a expedia produsele la timp.<\/p>\n","protected":false},"featured_media":2905,"comment_status":"open","ping_status":"closed","template":"","meta":[],"etheme_brands":[{"term_id":22,"name":"Klarline","slug":"klarline","term_group":0,"term_taxonomy_id":22,"taxonomy":"brand","description":"","parent":0,"count":24,"filter":"raw"}],"product_brand":[],"product_cat":[74],"product_tag":[],"class_list":{"0":"post-3736","1":"product","2":"type-product","3":"status-publish","4":"has-post-thumbnail","6":"brand-klarline","7":"product_cat-rochii","9":"first","10":"instock","11":"shipping-taxable","12":"purchasable","13":"product-type-variable"},"yoast_head":"<!-- This site is optimized with the Yoast SEO Premium plugin v17.2 (Yoast SEO v17.2) - https:\/\/yoast.com\/wordpress\/plugins\/seo\/ -->\n<title>Rochie din in cu bretele - Klarline<\/title>\n<meta name=\"robots\" content=\"index, follow, max-snippet:-1, max-image-preview:large, max-video-preview:-1\" \/>\n<link rel=\"canonical\" href=\"https:\/\/klarline.ro\/ro\/shop\/rochie-din-in-cu-bretele\/\" \/>\n<meta property=\"og:locale\" content=\"ro_RO\" \/>\n<meta property=\"og:type\" content=\"article\" \/>\n<meta property=\"og:title\" content=\"Rochie din in cu bretele\" \/>\n<meta property=\"og:description\" content=\"Descriere: O rochie din in cu o croial\u0103 simpl\u0103 care \u00eenconjoar\u0103 lejer silueta. Cu bretele \u00eenguste \u0219i cu buzunare laterale, poate fi piesa noastr\u0103 vestimentar\u0103 preferat\u0103.  Detalii: \u2022 100% in premiu \u2022 decolteu drept \u2022 buzunare laterale \u00een cus\u0103tur\u0103 \u2022 \u0219li\u021b la spate \u2022 lungime spate cca. 97 cm \u2022 modelul din imagine are 173 cm \u00een\u0103ltime si poart\u0103 m\u0103sura M  \u00cen vederea unui consum responsabil, lucr\u0103m cu un stoc minim de marf\u0103, astfel de cele mai multe ori realiz\u0103m produsul pe baza comenzii dvs., ceea ce presupune un timp de procesare mai lung dec\u00e2t de obicei. Procesarea \u0219i expedierea comenzii dureaz\u0103 7-14 zile lucr\u0103toare, \u00een func\u021bie de produsul ales. Dac\u0103 ave\u021bi nevoie de articolul selectat mai devreme, v\u0103 rug\u0103m s\u0103 ne contacta\u021bi \u0219i vom \u00eencerca s\u0103 g\u0103sim o solu\u021bie pentru a expedia produsele la timp.\" \/>\n<meta property=\"og:url\" content=\"https:\/\/klarline.ro\/ro\/shop\/rochie-din-in-cu-bretele\/\" \/>\n<meta property=\"og:site_name\" content=\"Klarline\" \/>\n<meta property=\"article:modified_time\" content=\"2022-07-04T20:52:36+00:00\" \/>\n<meta property=\"og:image\" content=\"https:\/\/klarline.ro\/wp-content\/uploads\/klarline-product-5-1.jpg\" \/>\n\t<meta property=\"og:image:width\" content=\"733\" \/>\n\t<meta property=\"og:image:height\" content=\"1100\" \/>\n<meta name=\"twitter:card\" content=\"summary_large_image\" \/>\n<script type=\"application\/ld+json\" class=\"yoast-schema-graph\">{\"@context\":\"https:\/\/schema.org\",\"@graph\":[{\"@type\":\"WebSite\",\"@id\":\"https:\/\/klarline.ro\/#website\",\"url\":\"https:\/\/klarline.ro\/\",\"name\":\"Klarline\",\"description\":\"\",\"potentialAction\":[{\"@type\":\"SearchAction\",\"target\":{\"@type\":\"EntryPoint\",\"urlTemplate\":\"https:\/\/klarline.ro\/?s={search_term_string}\"},\"query-input\":\"required name=search_term_string\"}],\"inLanguage\":\"ro-RO\"},{\"@type\":\"ImageObject\",\"@id\":\"https:\/\/klarline.ro\/ro\/shop\/rochie-din-in-cu-bretele\/#primaryimage\",\"inLanguage\":\"ro-RO\",\"url\":\"https:\/\/klarline.ro\/wp-content\/uploads\/klarline-product-5-1.jpg\",\"contentUrl\":\"https:\/\/klarline.ro\/wp-content\/uploads\/klarline-product-5-1.jpg\",\"width\":733,\"height\":1100},{\"@type\":\"WebPage\",\"@id\":\"https:\/\/klarline.ro\/ro\/shop\/rochie-din-in-cu-bretele\/#webpage\",\"url\":\"https:\/\/klarline.ro\/ro\/shop\/rochie-din-in-cu-bretele\/\",\"name\":\"Rochie din in cu bretele - Klarline\",\"isPartOf\":{\"@id\":\"https:\/\/klarline.ro\/#website\"},\"primaryImageOfPage\":{\"@id\":\"https:\/\/klarline.ro\/ro\/shop\/rochie-din-in-cu-bretele\/#primaryimage\"},\"datePublished\":\"2022-04-21T09:57:24+00:00\",\"dateModified\":\"2022-07-04T20:52:36+00:00\",\"breadcrumb\":{\"@id\":\"https:\/\/klarline.ro\/ro\/shop\/rochie-din-in-cu-bretele\/#breadcrumb\"},\"inLanguage\":\"ro-RO\",\"potentialAction\":[{\"@type\":\"ReadAction\",\"target\":[\"https:\/\/klarline.ro\/ro\/shop\/rochie-din-in-cu-bretele\/\"]}]},{\"@type\":\"BreadcrumbList\",\"@id\":\"https:\/\/klarline.ro\/ro\/shop\/rochie-din-in-cu-bretele\/#breadcrumb\",\"itemListElement\":[{\"@type\":\"ListItem\",\"position\":1,\"name\":\"Home\",\"item\":\"https:\/\/klarline.ro\/ro\/\"},{\"@type\":\"ListItem\",\"position\":2,\"name\":\"Shop\",\"item\":\"https:\/\/klarline.ro\/ro\/shop\/\"},{\"@type\":\"ListItem\",\"position\":3,\"name\":\"Rochie din in cu bretele\"}]}]}<\/script>\n<!-- \/ Yoast SEO Premium plugin. -->","yoast_head_json":{"title":"Rochie din in cu bretele - Klarline","robots":{"index":"index","follow":"follow","max-snippet":"max-snippet:-1","max-image-preview":"max-image-preview:large","max-video-preview":"max-video-preview:-1"},"canonical":"https:\/\/klarline.ro\/ro\/shop\/rochie-din-in-cu-bretele\/","og_locale":"ro_RO","og_type":"article","og_title":"Rochie din in cu bretele","og_description":"Descriere: O rochie din in cu o croial\u0103 simpl\u0103 care \u00eenconjoar\u0103 lejer silueta. Cu bretele \u00eenguste \u0219i cu buzunare laterale, poate fi piesa noastr\u0103 vestimentar\u0103 preferat\u0103.  Detalii: \u2022 100% in premiu \u2022 decolteu drept \u2022 buzunare laterale \u00een cus\u0103tur\u0103 \u2022 \u0219li\u021b la spate \u2022 lungime spate cca. 97 cm \u2022 modelul din imagine are 173 cm \u00een\u0103ltime si poart\u0103 m\u0103sura M  \u00cen vederea unui consum responsabil, lucr\u0103m cu un stoc minim de marf\u0103, astfel de cele mai multe ori realiz\u0103m produsul pe baza comenzii dvs., ceea ce presupune un timp de procesare mai lung dec\u00e2t de obicei. Procesarea \u0219i expedierea comenzii dureaz\u0103 7-14 zile lucr\u0103toare, \u00een func\u021bie de produsul ales. Dac\u0103 ave\u021bi nevoie de articolul selectat mai devreme, v\u0103 rug\u0103m s\u0103 ne contacta\u021bi \u0219i vom \u00eencerca s\u0103 g\u0103sim o solu\u021bie pentru a expedia produsele la timp.","og_url":"https:\/\/klarline.ro\/ro\/shop\/rochie-din-in-cu-bretele\/","og_site_name":"Klarline","article_modified_time":"2022-07-04T20:52:36+00:00","og_image":[{"width":733,"height":1100,"url":"https:\/\/klarline.ro\/wp-content\/uploads\/klarline-product-5-1.jpg","path":"\/home2\/klarline\/public_html\/wp-content\/uploads\/klarline-product-5-1.jpg","size":"full","id":2905,"alt":"","pixels":806300,"type":"image\/jpeg"}],"twitter_card":"summary_large_image","schema":{"@context":"https:\/\/schema.org","@graph":[{"@type":"WebSite","@id":"https:\/\/klarline.ro\/#website","url":"https:\/\/klarline.ro\/","name":"Klarline","description":"","potentialAction":[{"@type":"SearchAction","target":{"@type":"EntryPoint","urlTemplate":"https:\/\/klarline.ro\/?s={search_term_string}"},"query-input":"required name=search_term_string"}],"inLanguage":"ro-RO"},{"@type":"ImageObject","@id":"https:\/\/klarline.ro\/ro\/shop\/rochie-din-in-cu-bretele\/#primaryimage","inLanguage":"ro-RO","url":"https:\/\/klarline.ro\/wp-content\/uploads\/klarline-product-5-1.jpg","contentUrl":"https:\/\/klarline.ro\/wp-content\/uploads\/klarline-product-5-1.jpg","width":733,"height":1100},{"@type":"WebPage","@id":"https:\/\/klarline.ro\/ro\/shop\/rochie-din-in-cu-bretele\/#webpage","url":"https:\/\/klarline.ro\/ro\/shop\/rochie-din-in-cu-bretele\/","name":"Rochie din in cu bretele - Klarline","isPartOf":{"@id":"https:\/\/klarline.ro\/#website"},"primaryImageOfPage":{"@id":"https:\/\/klarline.ro\/ro\/shop\/rochie-din-in-cu-bretele\/#primaryimage"},"datePublished":"2022-04-21T09:57:24+00:00","dateModified":"2022-07-04T20:52:36+00:00","breadcrumb":{"@id":"https:\/\/klarline.ro\/ro\/shop\/rochie-din-in-cu-bretele\/#breadcrumb"},"inLanguage":"ro-RO","potentialAction":[{"@type":"ReadAction","target":["https:\/\/klarline.ro\/ro\/shop\/rochie-din-in-cu-bretele\/"]}]},{"@type":"BreadcrumbList","@id":"https:\/\/klarline.ro\/ro\/shop\/rochie-din-in-cu-bretele\/#breadcrumb","itemListElement":[{"@type":"ListItem","position":1,"name":"Home","item":"https:\/\/klarline.ro\/ro\/"},{"@type":"ListItem","position":2,"name":"Shop","item":"https:\/\/klarline.ro\/ro\/shop\/"},{"@type":"ListItem","position":3,"name":"Rochie din in cu bretele"}]}]}},"_links":{"self":[{"href":"https:\/\/klarline.ro\/ro\/wp-json\/wp\/v2\/product\/3736","targetHints":{"allow":["GET"]}}],"collection":[{"href":"https:\/\/klarline.ro\/ro\/wp-json\/wp\/v2\/product"}],"about":[{"href":"https:\/\/klarline.ro\/ro\/wp-json\/wp\/v2\/types\/product"}],"replies":[{"embeddable":true,"href":"https:\/\/klarline.ro\/ro\/wp-json\/wp\/v2\/comments?post=3736"}],"version-history":[{"count":1,"href":"https:\/\/klarline.ro\/ro\/wp-json\/wp\/v2\/product\/3736\/revisions"}],"predecessor-version":[{"id":3738,"href":"https:\/\/klarline.ro\/ro\/wp-json\/wp\/v2\/product\/3736\/revisions\/3738"}],"wp:featuredmedia":[{"embeddable":true,"href":"https:\/\/klarline.ro\/ro\/wp-json\/wp\/v2\/media\/2905"}],"wp:attachment":[{"href":"https:\/\/klarline.ro\/ro\/wp-json\/wp\/v2\/media?parent=3736"}],"wp:term":[{"taxonomy":"brand","embeddable":true,"href":"https:\/\/klarline.ro\/ro\/wp-json\/wp\/v2\/etheme_brands?post=3736"},{"taxonomy":"product_brand","embeddable":true,"href":"https:\/\/klarline.ro\/ro\/wp-json\/wp\/v2\/product_brand?post=3736"},{"taxonomy":"product_cat","embeddable":true,"href":"https:\/\/klarline.ro\/ro\/wp-json\/wp\/v2\/product_cat?post=3736"},{"taxonomy":"product_tag","embeddable":true,"href":"https:\/\/klarline.ro\/ro\/wp-json\/wp\/v2\/product_tag?post=3736"}],"curies":[{"name":"wp","href":"https:\/\/api.w.org\/{rel}","templated":true}]}}